{"id":189,"date":"2013-07-24T12:32:35","date_gmt":"2013-07-24T12:32:35","guid":{"rendered":"http:\/\/derechopublicoglobal.es\/?page_id=189"},"modified":"2015-12-04T02:12:24","modified_gmt":"2015-12-04T02:12:24","slug":"doctorado-en-derecho-administrativo-iberoamericano","status":"publish","type":"page","link":"https:\/\/derechopublicoglobal.es\/en\/doctorado-en-derecho-administrativo-iberoamericano\/","title":{"rendered":"Doctorado en Derecho Administrativo Iberoamericano"},"content":{"rendered":"<p>El Programa de Doctorado de Derecho Administrativo Iberoamericano nace de una larga aspiraci\u00f3n de un nutrido grupo de profesores universitarios e investigadores en el campo del Derecho P\u00fablico de la Universidad de A Coru\u00f1a y de numerosas Universidades de toda Latinoam\u00e9rica, con s\u00f3lidos lazos profesionales trenzados desde la fundaci\u00f3n, el 1 de marzo de 2002, en Santa Cruz de la Sierra (Bolivia), del <a title=\"Foro Iberoamericano de Derecho Administrativo\" href=\"http:\/\/foroida.org\/\" target=\"_blank\">Foro Iberoamericano de Derecho Administrativo<\/a>. En diversas ocasiones, se valor\u00f3 la oportunidad de poner en marcha un programa de doctorado internacional que proporcionase la formaci\u00f3n investigadora para los estudiantes de los respectivos pa\u00edses. La aprobaci\u00f3n de la nueva regulaci\u00f3n del Doctorado para Espa\u00f1a se consider\u00f3 como una oportunidad para impulsar, por fin, los ansiados estudios internacionales.<\/p>\n<p>La Universidad de A Coru\u00f1a, a trav\u00e9s de los investigadores del Grupo Derecho P\u00fablico Global y con la colaboraci\u00f3n de otros muchos investigadores de la Facultad de Derecho de A Coru\u00f1a, ha impulsado la puesta en marcha de este Programa de Doctorado, como t\u00edtulo conjunto impartido por once universidades: adem\u00e1s de la Universidad de A Coru\u00f1a \u2013coordinadora del Programa-, la Universidad de Guanajuato (M\u00e9xico), la Universidad de Montevideo (Uruguay), la Universidad de Piura (Per\u00fa), la Universidad Escuela Libre de Derecho (Costa Rica), la Universidad Hispanoamericana (Nicaragua), la Universidad de Monte\u00e1vila (Venezuela), la Universidad Nacional del Litoral (Argentina), la Universidad Nacional del Nordeste (Argentina), la Universidad de Santo Tom\u00e1s de Tunja (Colombia) y la Universidad Veracruzana (M\u00e9xico).<\/p>\n<p>M\u00e1s informaci\u00f3n en: <a title=\"Doctorado de Derecho Administrativo Iberoamericano\" href=\"http:\/\/www.doctoradodai.com\" target=\"_blank\">www.doctoradodai.com<\/a><\/p>\n<p>\u00a0<\/p>\n<p>\u00a0<\/p>\n<p>\u00a0<\/p>\n<p>\u00a0<\/p>","protected":false},"excerpt":{"rendered":"<p>El Programa de Doctorado de Derecho Administrativo Iberoamericano nace de una larga aspiraci\u00f3n de un nutrido grupo de profesores universitarios e investigadores en el campo del Derecho P\u00fablico de la Universidad de A Coru\u00f1a y de numerosas Universidades de toda Latinoam\u00e9rica, con s\u00f3lidos lazos profesionales trenzados desde la fundaci\u00f3n, el 1 de marzo de 2002, [&hellip;]<\/p>\n","protected":false},"author":2,"featured_media":291,"parent":0,"menu_order":0,"comment_status":"open","ping_status":"open","template":"page-full.php","meta":{"footnotes":""},"class_list":["post-189","page","type-page","status-publish","has-post-thumbnail","hentry"],"_links":{"self":[{"href":"https:\/\/derechopublicoglobal.es\/en\/wp-json\/wp\/v2\/pages\/189","targetHints":{"allow":["GET"]}}],"collection":[{"href":"https:\/\/derechopublicoglobal.es\/en\/wp-json\/wp\/v2\/pages"}],"about":[{"href":"https:\/\/derechopublicoglobal.es\/en\/wp-json\/wp\/v2\/types\/page"}],"author":[{"embeddable":true,"href":"https:\/\/derechopublicoglobal.es\/en\/wp-json\/wp\/v2\/users\/2"}],"replies":[{"embeddable":true,"href":"https:\/\/derechopublicoglobal.es\/en\/wp-json\/wp\/v2\/comments?post=189"}],"version-history":[{"count":17,"href":"https:\/\/derechopublicoglobal.es\/en\/wp-json\/wp\/v2\/pages\/189\/revisions"}],"predecessor-version":[{"id":2425,"href":"https:\/\/derechopublicoglobal.es\/en\/wp-json\/wp\/v2\/pages\/189\/revisions\/2425"}],"wp:featuredmedia":[{"embeddable":true,"href":"https:\/\/derechopublicoglobal.es\/en\/wp-json\/wp\/v2\/media\/291"}],"wp:attachment":[{"href":"https:\/\/derechopublicoglobal.es\/en\/wp-json\/wp\/v2\/media?parent=189"}],"curies":[{"name":"wp","href":"https:\/\/api.w.org\/{rel}","templated":true}]}}